{"version":"1.0","provider_name":"Africa Daily Report","provider_url":"https:\/\/africadailyreport.com\/fr\/","author_name":"ADR\/AFP","author_url":"https:\/\/africadailyreport.com\/fr\/author\/both\/","title":"Le Ghana et le Mali renforcent leurs liens face aux probl\u00e8mes de s\u00e9curit\u00e9 r\u00e9gionale","type":"rich","width":600,"height":338,"html":"<blockquote class=\"wp-embedded-content\" data-secret=\"4klZv5MeuE\"><a href=\"https:\/\/africadailyreport.com\/fr\/2025\/01\/16\/ghana-and-mali-vow-to-strengthen-security-ties\/\">Le Ghana et le Mali renforcent leurs liens face aux probl\u00e8mes de s\u00e9curit\u00e9 r\u00e9gionale<\/a><\/blockquote><iframe sandbox=\"allow-scripts\" security=\"restricted\" src=\"https:\/\/africadailyreport.com\/fr\/2025\/01\/16\/ghana-and-mali-vow-to-strengthen-security-ties\/embed\/#?secret=4klZv5MeuE\" width=\"600\" height=\"338\" title=\"\u00ab\u00a0Le Ghana et le Mali renforcent leurs liens face aux probl\u00e8mes de s\u00e9curit\u00e9 r\u00e9gionale\u00a0\u00bb &#8212; Africa Daily Report\" data-secret=\"4klZv5MeuE\" frameborder=\"0\" marginwidth=\"0\" marginheight=\"0\" scrolling=\"no\" class=\"wp-embedded-content\"><\/iframe><script type=\"text\/javascript\">\n\/* <![CDATA[ *\/\n\/*! This file is auto-generated *\/\n!function(d,l){\"use strict\";l.querySelector&&d.addEventListener&&\"undefined\"!=typeof URL&&(d.wp=d.wp||{},d.wp.receiveEmbedMessage||(d.wp.receiveEmbedMessage=function(e){var t=e.data;if((t||t.secret||t.message||t.value)&&!\/[^a-zA-Z0-9]\/.test(t.secret)){for(var s,r,n,a=l.querySelectorAll('iframe[data-secret=\"'+t.secret+'\"]'),o=l.querySelectorAll('blockquote[data-secret=\"'+t.secret+'\"]'),c=new RegExp(\"^https?:$\",\"i\"),i=0;i<o.length;i++)o[i].style.display=\"none\";for(i=0;i<a.length;i++)s=a[i],e.source===s.contentWindow&&(s.removeAttribute(\"style\"),\"height\"===t.message?(1e3<(r=parseInt(t.value,10))?r=1e3:~~r<200&&(r=200),s.height=r):\"link\"===t.message&&(r=new URL(s.getAttribute(\"src\")),n=new URL(t.value),c.test(n.protocol))&&n.host===r.host&&l.activeElement===s&&(d.top.location.href=t.value))}},d.addEventListener(\"message\",d.wp.receiveEmbedMessage,!1),l.addEventListener(\"DOMContentLoaded\",function(){for(var e,t,s=l.querySelectorAll(\"iframe.wp-embedded-content\"),r=0;r<s.length;r++)(t=(e=s[r]).getAttribute(\"data-secret\"))||(t=Math.random().toString(36).substring(2,12),e.src+=\"#?secret=\"+t,e.setAttribute(\"data-secret\",t)),e.contentWindow.postMessage({message:\"ready\",secret:t},\"*\")},!1)))}(window,document);\n\/\/# sourceURL=https:\/\/africadailyreport.com\/wp-includes\/js\/wp-embed.min.js\n\/* ]]> *\/\n<\/script>\n","thumbnail_url":"https:\/\/africadailyreport.com\/wp-content\/uploads\/2025\/01\/AFP__20250107__36TA2PD__v3__HighRes__GhanaPolitics-scaled.jpg","thumbnail_width":1,"thumbnail_height":1,"description":"Accra,\u00a0Ghana &#8211; Le pr\u00e9sident ghan\u00e9en John Dramani Mahama et le Premier ministre malien, le g\u00e9n\u00e9ral Abdoulaye Ma\u00efga, ont r\u00e9affirm\u00e9 jeudi leur engagement \u00e0 renforcer leurs relations bilat\u00e9rales face \u00e0 la mont\u00e9e du jihadisme et de l&rsquo;instabilit\u00e9 en Afrique de l&rsquo;Ouest. Les deux dirigeants se sont entretenus \u00e0 Accra, le Premier ministre ayant rendu visite au [&hellip;]"}