{"version":"1.0","provider_name":"Africa Daily Report","provider_url":"https:\/\/africadailyreport.com\/fr\/","author_name":"ADR\/AFP","author_url":"https:\/\/africadailyreport.com\/fr\/author\/both\/","title":"Mandats d'arr\u00eat de la CPI contre Netanyahu, son ex-ministre de la D\u00e9fense et un chef du Hamas","type":"rich","width":600,"height":338,"html":"<blockquote class=\"wp-embedded-content\" data-secret=\"bR5bUPbcWa\"><a href=\"https:\/\/africadailyreport.com\/fr\/2024\/11\/21\/icc-issues-arrest-warrants-for-netanyahu-gallant-deif\/\">Mandats d&rsquo;arr\u00eat de la CPI contre Netanyahu, son ex-ministre de la D\u00e9fense et un chef du Hamas<\/a><\/blockquote><iframe sandbox=\"allow-scripts\" security=\"restricted\" src=\"https:\/\/africadailyreport.com\/fr\/2024\/11\/21\/icc-issues-arrest-warrants-for-netanyahu-gallant-deif\/embed\/#?secret=bR5bUPbcWa\" width=\"600\" height=\"338\" title=\"\u00ab\u00a0Mandats d&rsquo;arr\u00eat de la CPI contre Netanyahu, son ex-ministre de la D\u00e9fense et un chef du Hamas\u00a0\u00bb &#8212; Africa Daily Report\" data-secret=\"bR5bUPbcWa\" frameborder=\"0\" marginwidth=\"0\" marginheight=\"0\" scrolling=\"no\" class=\"wp-embedded-content\"><\/iframe><script type=\"text\/javascript\">\n\/* <![CDATA[ *\/\n\/*! This file is auto-generated *\/\n!function(d,l){\"use strict\";l.querySelector&&d.addEventListener&&\"undefined\"!=typeof URL&&(d.wp=d.wp||{},d.wp.receiveEmbedMessage||(d.wp.receiveEmbedMessage=function(e){var t=e.data;if((t||t.secret||t.message||t.value)&&!\/[^a-zA-Z0-9]\/.test(t.secret)){for(var s,r,n,a=l.querySelectorAll('iframe[data-secret=\"'+t.secret+'\"]'),o=l.querySelectorAll('blockquote[data-secret=\"'+t.secret+'\"]'),c=new RegExp(\"^https?:$\",\"i\"),i=0;i<o.length;i++)o[i].style.display=\"none\";for(i=0;i<a.length;i++)s=a[i],e.source===s.contentWindow&&(s.removeAttribute(\"style\"),\"height\"===t.message?(1e3<(r=parseInt(t.value,10))?r=1e3:~~r<200&&(r=200),s.height=r):\"link\"===t.message&&(r=new URL(s.getAttribute(\"src\")),n=new URL(t.value),c.test(n.protocol))&&n.host===r.host&&l.activeElement===s&&(d.top.location.href=t.value))}},d.addEventListener(\"message\",d.wp.receiveEmbedMessage,!1),l.addEventListener(\"DOMContentLoaded\",function(){for(var e,t,s=l.querySelectorAll(\"iframe.wp-embedded-content\"),r=0;r<s.length;r++)(t=(e=s[r]).getAttribute(\"data-secret\"))||(t=Math.random().toString(36).substring(2,12),e.src+=\"#?secret=\"+t,e.setAttribute(\"data-secret\",t)),e.contentWindow.postMessage({message:\"ready\",secret:t},\"*\")},!1)))}(window,document);\n\/\/# sourceURL=https:\/\/africadailyreport.com\/wp-includes\/js\/wp-embed.min.js\n\/* ]]> *\/\n<\/script>\n","thumbnail_url":"https:\/\/africadailyreport.com\/wp-content\/uploads\/2024\/11\/AFP__20241121__36MZ6X8__v1__HighRes__FilesComboIsraelPalestnianConflictIccJustice-1-scaled.jpg","thumbnail_width":1,"thumbnail_height":1,"description":"La Haye,\u00a0Pays-Bas (AFP) &#8211; La Cour p\u00e9nale internationale (CPI) a \u00e9mis jeudi des mandats d&rsquo;arr\u00eat contre le Premier ministre isra\u00e9lien Benjamin Netanyahu, son ex-ministre de la D\u00e9fense Yoav Gallant et le chef de la branche arm\u00e9e du Hamas Mohammed Deif pour crimes de guerre et crimes contre l&rsquo;humanit\u00e9. M. Netanyahu a aussit\u00f4t qualifi\u00e9 d'\u00a0\u00bbantis\u00e9mite\u00a0\u00bb la [&hellip;]"}